{"version":"1.0","provider_name":"H\u00d6CKER - der Blog","provider_url":"https:\/\/www.hoecker.eu\/blog","author_name":"Prof. Dr. Ralf H\u00f6cker","author_url":"https:\/\/www.hoecker.eu\/blog\/author\/hoecker_adm\/","title":"Unzul\u00e4ssige Beitragssperre \u2013 Facebook muss Abmahnkosten erstatten","type":"rich","width":600,"height":338,"html":"<blockquote class=\"wp-embedded-content\" data-secret=\"4o8fR1wh0E\"><a href=\"https:\/\/www.hoecker.eu\/blog\/unzulaessige-beitragssperre-facebook-muss-abmahnkosten-erstatten\/\">Unzul\u00e4ssige Beitragssperre \u2013 Facebook muss Abmahnkosten erstatten<\/a><\/blockquote><iframe sandbox=\"allow-scripts\" security=\"restricted\" src=\"https:\/\/www.hoecker.eu\/blog\/unzulaessige-beitragssperre-facebook-muss-abmahnkosten-erstatten\/embed\/#?secret=4o8fR1wh0E\" width=\"600\" height=\"338\" title=\"&#8222;Unzul\u00e4ssige Beitragssperre \u2013 Facebook muss Abmahnkosten erstatten&#8220; &#8211; H\u00d6CKER - der Blog\" data-secret=\"4o8fR1wh0E\" frameborder=\"0\" marginwidth=\"0\" marginheight=\"0\" scrolling=\"no\" class=\"wp-embedded-content\"><\/iframe><script type=\"text\/javascript\">\n\/* <![CDATA[ *\/\n\/*! This file is auto-generated *\/\n!function(d,l){\"use strict\";l.querySelector&&d.addEventListener&&\"undefined\"!=typeof URL&&(d.wp=d.wp||{},d.wp.receiveEmbedMessage||(d.wp.receiveEmbedMessage=function(e){var t=e.data;if((t||t.secret||t.message||t.value)&&!\/[^a-zA-Z0-9]\/.test(t.secret)){for(var s,r,n,a=l.querySelectorAll('iframe[data-secret=\"'+t.secret+'\"]'),o=l.querySelectorAll('blockquote[data-secret=\"'+t.secret+'\"]'),c=new RegExp(\"^https?:$\",\"i\"),i=0;i<o.length;i++)o[i].style.display=\"none\";for(i=0;i<a.length;i++)s=a[i],e.source===s.contentWindow&&(s.removeAttribute(\"style\"),\"height\"===t.message?(1e3<(r=parseInt(t.value,10))?r=1e3:~~r<200&&(r=200),s.height=r):\"link\"===t.message&&(r=new URL(s.getAttribute(\"src\")),n=new URL(t.value),c.test(n.protocol))&&n.host===r.host&&l.activeElement===s&&(d.top.location.href=t.value))}},d.addEventListener(\"message\",d.wp.receiveEmbedMessage,!1),l.addEventListener(\"DOMContentLoaded\",function(){for(var e,t,s=l.querySelectorAll(\"iframe.wp-embedded-content\"),r=0;r<s.length;r++)(t=(e=s[r]).getAttribute(\"data-secret\"))||(t=Math.random().toString(36).substring(2,12),e.src+=\"#?secret=\"+t,e.setAttribute(\"data-secret\",t)),e.contentWindow.postMessage({message:\"ready\",secret:t},\"*\")},!1)))}(window,document);\n\/\/# sourceURL=https:\/\/www.hoecker.eu\/blog\/wp-includes\/js\/wp-embed.min.js\n\/* ]]> *\/\n<\/script>\n","description":"H\u00d6CKER ist f\u00fcr Mandanten bereits mehrfach erfolgreich gegen den Meta-Konzern wegen gesperrter Konten oder Beitr\u00e4gen auf Facebook oder Instagram vorgegangen. In einem weiteren Verfahren wurde nun die Frage der Kostentragungspflicht gerichtlich gekl\u00e4rt. Im Mai 2023 sperrte Facebook einen Beitrag des H\u00d6CKER-Mandanten aus Oktober 2021 wegen eines angeblichen Versto\u00dfes gegen die Gemeinschaftsstandards gegen Gewalt und Anstiftung [&hellip;]"}