{"version":"1.0","provider_name":"H\u00d6CKER - der Blog","provider_url":"https:\/\/www.hoecker.eu\/blog","author_name":"Dr. Marcel Leeser","author_url":"https:\/\/www.hoecker.eu\/blog\/author\/mleeser\/","title":"Storytelling im Journalismus \u2013 Gefahr f\u00fcr Pers\u00f6nlichkeitsrechte","type":"rich","width":600,"height":338,"html":"<blockquote class=\"wp-embedded-content\" data-secret=\"cAXuTZloLt\"><a href=\"https:\/\/www.hoecker.eu\/blog\/storytelling-im-journalismus-gefahr-fuer-persoenlichkeitsrechte\/\">Storytelling im Journalismus \u2013 Gefahr f\u00fcr Pers\u00f6nlichkeitsrechte<\/a><\/blockquote><iframe sandbox=\"allow-scripts\" security=\"restricted\" src=\"https:\/\/www.hoecker.eu\/blog\/storytelling-im-journalismus-gefahr-fuer-persoenlichkeitsrechte\/embed\/#?secret=cAXuTZloLt\" width=\"600\" height=\"338\" title=\"&#8222;Storytelling im Journalismus \u2013 Gefahr f\u00fcr Pers\u00f6nlichkeitsrechte&#8220; &#8211; H\u00d6CKER - der Blog\" data-secret=\"cAXuTZloLt\" frameborder=\"0\" marginwidth=\"0\" marginheight=\"0\" scrolling=\"no\" class=\"wp-embedded-content\"><\/iframe><script type=\"text\/javascript\">\n\/* <![CDATA[ *\/\n\/*! This file is auto-generated *\/\n!function(d,l){\"use strict\";l.querySelector&&d.addEventListener&&\"undefined\"!=typeof URL&&(d.wp=d.wp||{},d.wp.receiveEmbedMessage||(d.wp.receiveEmbedMessage=function(e){var t=e.data;if((t||t.secret||t.message||t.value)&&!\/[^a-zA-Z0-9]\/.test(t.secret)){for(var s,r,n,a=l.querySelectorAll('iframe[data-secret=\"'+t.secret+'\"]'),o=l.querySelectorAll('blockquote[data-secret=\"'+t.secret+'\"]'),c=new RegExp(\"^https?:$\",\"i\"),i=0;i<o.length;i++)o[i].style.display=\"none\";for(i=0;i<a.length;i++)s=a[i],e.source===s.contentWindow&&(s.removeAttribute(\"style\"),\"height\"===t.message?(1e3<(r=parseInt(t.value,10))?r=1e3:~~r<200&&(r=200),s.height=r):\"link\"===t.message&&(r=new URL(s.getAttribute(\"src\")),n=new URL(t.value),c.test(n.protocol))&&n.host===r.host&&l.activeElement===s&&(d.top.location.href=t.value))}},d.addEventListener(\"message\",d.wp.receiveEmbedMessage,!1),l.addEventListener(\"DOMContentLoaded\",function(){for(var e,t,s=l.querySelectorAll(\"iframe.wp-embedded-content\"),r=0;r<s.length;r++)(t=(e=s[r]).getAttribute(\"data-secret\"))||(t=Math.random().toString(36).substring(2,12),e.src+=\"#?secret=\"+t,e.setAttribute(\"data-secret\",t)),e.contentWindow.postMessage({message:\"ready\",secret:t},\"*\")},!1)))}(window,document);\n\/\/# sourceURL=https:\/\/www.hoecker.eu\/blog\/wp-includes\/js\/wp-embed.min.js\n\/* ]]> *\/\n<\/script>\n","thumbnail_url":"https:\/\/www.hoecker.eu\/blog\/wp-content\/uploads\/2025\/06\/KI-Foto_Storytelling_Journalist-683x1024.png","thumbnail_width":683,"thumbnail_height":1024,"description":"Die wachsende Bedeutung von Storytelling im Journalismus und die hierdurch steigende Gefahr von Pers\u00f6nlichkeitsrechtsverletzungen. Wenn Journalismus vorrangig Emotionen vermitteln will \u201eVor einem Jahr, lieber Claas Relotius, habe ich Ihren Report \u201eK\u00f6nigskinder\u201c im Spiegel gelesen. Noch so eine traurige Fl\u00fcchtlings-Geschichte, dachte ich, das kennt man doch, wei\u00df man schon alles. Aber ich konnte nicht aufh\u00f6ren zu [&hellip;]"}