{"version":"1.0","provider_name":"H\u00d6CKER - der Blog","provider_url":"https:\/\/www.hoecker.eu\/blog","author_name":"Prof. Dr. Ralf H\u00f6cker","author_url":"https:\/\/www.hoecker.eu\/blog\/author\/hoecker_adm\/","title":"Kein Hetzaufruf von UETD \u2013 Dagdelen gibt Unterlassungserkl\u00e4rung ab","type":"rich","width":600,"height":338,"html":"<blockquote class=\"wp-embedded-content\" data-secret=\"E3emHnACxU\"><a href=\"https:\/\/www.hoecker.eu\/blog\/kein-hetzaufruf-von-uetd-dagdelen-gibt-unterlassungserklaerung-ab\/\">Kein Hetzaufruf von UETD \u2013 Dagdelen gibt Unterlassungserkl\u00e4rung ab<\/a><\/blockquote><iframe sandbox=\"allow-scripts\" security=\"restricted\" src=\"https:\/\/www.hoecker.eu\/blog\/kein-hetzaufruf-von-uetd-dagdelen-gibt-unterlassungserklaerung-ab\/embed\/#?secret=E3emHnACxU\" width=\"600\" height=\"338\" title=\"&#8222;Kein Hetzaufruf von UETD \u2013 Dagdelen gibt Unterlassungserkl\u00e4rung ab&#8220; &#8211; H\u00d6CKER - der Blog\" data-secret=\"E3emHnACxU\" frameborder=\"0\" marginwidth=\"0\" marginheight=\"0\" scrolling=\"no\" class=\"wp-embedded-content\"><\/iframe><script type=\"text\/javascript\">\n\/* <![CDATA[ *\/\n\/*! This file is auto-generated *\/\n!function(d,l){\"use strict\";l.querySelector&&d.addEventListener&&\"undefined\"!=typeof URL&&(d.wp=d.wp||{},d.wp.receiveEmbedMessage||(d.wp.receiveEmbedMessage=function(e){var t=e.data;if((t||t.secret||t.message||t.value)&&!\/[^a-zA-Z0-9]\/.test(t.secret)){for(var s,r,n,a=l.querySelectorAll('iframe[data-secret=\"'+t.secret+'\"]'),o=l.querySelectorAll('blockquote[data-secret=\"'+t.secret+'\"]'),c=new RegExp(\"^https?:$\",\"i\"),i=0;i<o.length;i++)o[i].style.display=\"none\";for(i=0;i<a.length;i++)s=a[i],e.source===s.contentWindow&&(s.removeAttribute(\"style\"),\"height\"===t.message?(1e3<(r=parseInt(t.value,10))?r=1e3:~~r<200&&(r=200),s.height=r):\"link\"===t.message&&(r=new URL(s.getAttribute(\"src\")),n=new URL(t.value),c.test(n.protocol))&&n.host===r.host&&l.activeElement===s&&(d.top.location.href=t.value))}},d.addEventListener(\"message\",d.wp.receiveEmbedMessage,!1),l.addEventListener(\"DOMContentLoaded\",function(){for(var e,t,s=l.querySelectorAll(\"iframe.wp-embedded-content\"),r=0;r<s.length;r++)(t=(e=s[r]).getAttribute(\"data-secret\"))||(t=Math.random().toString(36).substring(2,12),e.src+=\"#?secret=\"+t,e.setAttribute(\"data-secret\",t)),e.contentWindow.postMessage({message:\"ready\",secret:t},\"*\")},!1)))}(window,document);\n\/\/# sourceURL=https:\/\/www.hoecker.eu\/blog\/wp-includes\/js\/wp-embed.min.js\n\/* ]]> *\/\n<\/script>\n","description":"Die Bundestagsabgeordnete Sevim Dagdelen (DIE LINKE) hatte gegen\u00fcber dem Online-Magazin \u201eThe Huffington Post\u201c falsch behauptet, der UETD e.V. (Union Europ\u00e4isch-T\u00fcrkischer Demokraten) habe dazu aufgerufen, Regimekritiker in Deutschland zu denunzieren. Der UETD e.V. hatte einen solchen Aufruf nie get\u00e4tigt. Er missbilligt in einer Presseerkl\u00e4rung solches Denunziantentum und geht aktiv dagegen vor. Mit Hilfe der Kanzlei H\u00d6CKER&nbsp;konnte [&hellip;]"}