{"version":"1.0","provider_name":"H\u00d6CKER - der Blog","provider_url":"https:\/\/www.hoecker.eu\/blog","author_name":"Prof. Dr. Ralf H\u00f6cker","author_url":"https:\/\/www.hoecker.eu\/blog\/author\/hoecker_adm\/","title":"H\u00d6CKER und Maa\u00dfen beenden Zusammenarbeit","type":"rich","width":600,"height":338,"html":"<blockquote class=\"wp-embedded-content\" data-secret=\"gB8TtngRyp\"><a href=\"https:\/\/www.hoecker.eu\/blog\/hoecker-und-maassen-beenden-zusammenarbeit\/\">H\u00d6CKER und Maa\u00dfen beenden Zusammenarbeit<\/a><\/blockquote><iframe sandbox=\"allow-scripts\" security=\"restricted\" src=\"https:\/\/www.hoecker.eu\/blog\/hoecker-und-maassen-beenden-zusammenarbeit\/embed\/#?secret=gB8TtngRyp\" width=\"600\" height=\"338\" title=\"&#8222;H\u00d6CKER und Maa\u00dfen beenden Zusammenarbeit&#8220; &#8211; H\u00d6CKER - der Blog\" data-secret=\"gB8TtngRyp\" frameborder=\"0\" marginwidth=\"0\" marginheight=\"0\" scrolling=\"no\" class=\"wp-embedded-content\"><\/iframe><script type=\"text\/javascript\">\n\/* <![CDATA[ *\/\n\/*! This file is auto-generated *\/\n!function(d,l){\"use strict\";l.querySelector&&d.addEventListener&&\"undefined\"!=typeof URL&&(d.wp=d.wp||{},d.wp.receiveEmbedMessage||(d.wp.receiveEmbedMessage=function(e){var t=e.data;if((t||t.secret||t.message||t.value)&&!\/[^a-zA-Z0-9]\/.test(t.secret)){for(var s,r,n,a=l.querySelectorAll('iframe[data-secret=\"'+t.secret+'\"]'),o=l.querySelectorAll('blockquote[data-secret=\"'+t.secret+'\"]'),c=new RegExp(\"^https?:$\",\"i\"),i=0;i<o.length;i++)o[i].style.display=\"none\";for(i=0;i<a.length;i++)s=a[i],e.source===s.contentWindow&&(s.removeAttribute(\"style\"),\"height\"===t.message?(1e3<(r=parseInt(t.value,10))?r=1e3:~~r<200&&(r=200),s.height=r):\"link\"===t.message&&(r=new URL(s.getAttribute(\"src\")),n=new URL(t.value),c.test(n.protocol))&&n.host===r.host&&l.activeElement===s&&(d.top.location.href=t.value))}},d.addEventListener(\"message\",d.wp.receiveEmbedMessage,!1),l.addEventListener(\"DOMContentLoaded\",function(){for(var e,t,s=l.querySelectorAll(\"iframe.wp-embedded-content\"),r=0;r<s.length;r++)(t=(e=s[r]).getAttribute(\"data-secret\"))||(t=Math.random().toString(36).substring(2,12),e.src+=\"#?secret=\"+t,e.setAttribute(\"data-secret\",t)),e.contentWindow.postMessage({message:\"ready\",secret:t},\"*\")},!1)))}(window,document);\n\/\/# sourceURL=https:\/\/www.hoecker.eu\/blog\/wp-includes\/js\/wp-embed.min.js\n\/* ]]> *\/\n<\/script>\n","description":"Rechtsanwalt Dr. Hans-Georg Maa\u00dfen, fr\u00fcherer Pr\u00e4sident des Bundesamtes f\u00fcr Verfassungsschutz (BfV), verl\u00e4sst heute die K\u00f6lner Medien- und Markenrechtskanzlei H\u00d6CKER, in der er seit 2019 als Of Counsel t\u00e4tig war. Herr Maa\u00dfen hatte entschieden, ab Fr\u00fchjahr wesentlich st\u00e4rker im Bereich der anwaltlichen Wirtschaftsberatung t\u00e4tig sein zu wollen und stellt deshalb seine Aktivit\u00e4ten im Bereich des Medien- [&hellip;]"}